{"id":1487,"date":"2023-05-15T23:47:16","date_gmt":"2023-05-15T23:47:16","guid":{"rendered":"https:\/\/exakt-personal.i-media-design.de\/igz-mitgliedschaft\/"},"modified":"2025-08-15T08:47:31","modified_gmt":"2025-08-15T08:47:31","slug":"igz-mitgliedschaft","status":"publish","type":"page","link":"https:\/\/exakt-personal.de\/it\/unternehmen\/igz-mitgliedschaft\/","title":{"rendered":"GVP-MITGLIEDSCHAFT"},"content":{"rendered":"<div data-elementor-type=\"wp-page\" data-elementor-id=\"1487\" class=\"elementor elementor-1487\" data-elementor-post-type=\"page\">\n\t\t\t\t\t\t<section class=\"elementor-section elementor-top-section elementor-element elementor-element-7cfb14aa elementor-hidden-tablet_extra elementor-hidden-tablet elementor-hidden-mobile elementor-section-boxed elementor-section-height-default elementor-section-height-default\" data-id=\"7cfb14aa\" data-element_type=\"section\" data-e-type=\"section\" data-settings=\"{&quot;background_background&quot;:&quot;classic&quot;}\">\n\t\t\t\t\t\t<div class=\"elementor-container elementor-column-gap-wider\">\n\t\t\t\t\t<div class=\"elementor-column elementor-col-100 elementor-top-column elementor-element elementor-element-7a1c3aab\" data-id=\"7a1c3aab\" data-element_type=\"column\" data-e-type=\"column\">\n\t\t\t<div class=\"elementor-widget-wrap elementor-element-populated\">\n\t\t\t\t\t\t<div class=\"elementor-element elementor-element-46e455e8 elementor-tabs-view-horizontal elementor-widget elementor-widget-tabs\" data-id=\"46e455e8\" data-element_type=\"widget\" data-e-type=\"widget\" data-widget_type=\"tabs.default\">\n\t\t\t\t<div class=\"elementor-widget-container\">\n\t\t\t\t\t\t\t<div class=\"elementor-tabs\">\n\t\t\t<div class=\"elementor-tabs-wrapper\" role=\"tablist\" >\n\t\t\t\t\t\t\t\t\t<div id=\"elementor-tab-title-1181\" class=\"elementor-tab-title elementor-tab-desktop-title\" aria-selected=\"true\" data-tab=\"1\" role=\"tab\" tabindex=\"0\" aria-controls=\"elementor-tab-content-1181\" aria-expanded=\"false\">SIETE QUI:<\/div>\n\t\t\t\t\t\t\t\t\t<div id=\"elementor-tab-title-1182\" class=\"elementor-tab-title elementor-tab-desktop-title\" aria-selected=\"false\" data-tab=\"2\" role=\"tab\" tabindex=\"-1\" aria-controls=\"elementor-tab-content-1182\" aria-expanded=\"false\">Iscrizione al GVP<\/div>\n\t\t\t\t\t\t\t<\/div>\n\t\t\t<div class=\"elementor-tabs-content-wrapper\" role=\"tablist\" aria-orientation=\"vertical\">\n\t\t\t\t\t\t\t\t\t<div class=\"elementor-tab-title elementor-tab-mobile-title\" aria-selected=\"true\" data-tab=\"1\" role=\"tab\" tabindex=\"0\" aria-controls=\"elementor-tab-content-1181\" aria-expanded=\"false\">SIETE QUI:<\/div>\n\t\t\t\t\t<div id=\"elementor-tab-content-1181\" class=\"elementor-tab-content elementor-clearfix\" data-tab=\"1\" role=\"tabpanel\" aria-labelledby=\"elementor-tab-title-1181\" tabindex=\"0\" hidden=\"false\"><\/div>\n\t\t\t\t\t\t\t\t\t<div class=\"elementor-tab-title elementor-tab-mobile-title\" aria-selected=\"false\" data-tab=\"2\" role=\"tab\" tabindex=\"-1\" aria-controls=\"elementor-tab-content-1182\" aria-expanded=\"false\">Iscrizione al GVP<\/div>\n\t\t\t\t\t<div id=\"elementor-tab-content-1182\" class=\"elementor-tab-content elementor-clearfix\" data-tab=\"2\" role=\"tabpanel\" aria-labelledby=\"elementor-tab-title-1182\" tabindex=\"0\" hidden=\"hidden\"><\/div>\n\t\t\t\t\t\t\t<\/div>\n\t\t<\/div>\n\t\t\t\t\t\t<\/div>\n\t\t\t\t<\/div>\n\t\t\t\t\t<\/div>\n\t\t<\/div>\n\t\t\t\t\t<\/div>\n\t\t<\/section>\n\t\t\t\t<section class=\"elementor-section elementor-top-section elementor-element elementor-element-99ea4e9 animated-slow elementor-section-height-min-height elementor-section-boxed elementor-section-height-default elementor-section-items-middle elementor-invisible\" data-id=\"99ea4e9\" data-element_type=\"section\" data-e-type=\"section\" data-settings=\"{&quot;background_background&quot;:&quot;classic&quot;,&quot;animation&quot;:&quot;fadeInLeft&quot;}\">\n\t\t\t\t\t\t\t<div class=\"elementor-background-overlay\"><\/div>\n\t\t\t\t\t\t\t<div class=\"elementor-container elementor-column-gap-default\">\n\t\t\t\t\t<div class=\"elementor-column elementor-col-100 elementor-top-column elementor-element elementor-element-48f7b746\" data-id=\"48f7b746\" data-element_type=\"column\" data-e-type=\"column\">\n\t\t\t<div class=\"elementor-widget-wrap elementor-element-populated\">\n\t\t\t\t\t\t<div class=\"elementor-element elementor-element-0bbfb56 elementor-widget elementor-widget-image\" data-id=\"0bbfb56\" data-element_type=\"widget\" data-e-type=\"widget\" data-widget_type=\"image.default\">\n\t\t\t\t<div class=\"elementor-widget-container\">\n\t\t\t\t\t\t\t\t\t\t\t\t\t\t\t<img fetchpriority=\"high\" decoding=\"async\" width=\"519\" height=\"246\" src=\"https:\/\/exakt-personal.de\/wp-content\/uploads\/2024\/12\/gvp-logo-mitglied-quer-weiss-rgb.png\" class=\"attachment-full size-full wp-image-4088\" alt=\"\" srcset=\"https:\/\/exakt-personal.de\/wp-content\/uploads\/2024\/12\/gvp-logo-mitglied-quer-weiss-rgb.png 519w, https:\/\/exakt-personal.de\/wp-content\/uploads\/2024\/12\/gvp-logo-mitglied-quer-weiss-rgb-300x142.png 300w, https:\/\/exakt-personal.de\/wp-content\/uploads\/2024\/12\/gvp-logo-mitglied-quer-weiss-rgb-18x9.png 18w\" sizes=\"(max-width: 519px) 100vw, 519px\" \/>\t\t\t\t\t\t\t\t\t\t\t\t\t\t\t<\/div>\n\t\t\t\t<\/div>\n\t\t\t\t<div class=\"elementor-element elementor-element-3fe52332 elementor-widget elementor-widget-heading\" data-id=\"3fe52332\" data-element_type=\"widget\" data-e-type=\"widget\" data-widget_type=\"heading.default\">\n\t\t\t\t<div class=\"elementor-widget-container\">\n\t\t\t\t\t<h2 class=\"elementor-heading-title elementor-size-default\">MEMBRI GVP<\/h2>\t\t\t\t<\/div>\n\t\t\t\t<\/div>\n\t\t\t\t\t<\/div>\n\t\t<\/div>\n\t\t\t\t\t<\/div>\n\t\t<\/section>\n\t\t\t\t<section class=\"elementor-section elementor-top-section elementor-element elementor-element-cd6cf89 elementor-section-full_width elementor-section-height-default elementor-section-height-default\" data-id=\"cd6cf89\" data-element_type=\"section\" data-e-type=\"section\">\n\t\t\t\t\t\t<div class=\"elementor-container elementor-column-gap-no\">\n\t\t\t\t\t<div class=\"elementor-column elementor-col-100 elementor-top-column elementor-element elementor-element-2d648a3\" data-id=\"2d648a3\" data-element_type=\"column\" data-e-type=\"column\">\n\t\t\t<div class=\"elementor-widget-wrap\">\n\t\t\t\t\t\t\t<\/div>\n\t\t<\/div>\n\t\t\t\t\t<\/div>\n\t\t<\/section>\n\t\t\t\t<section class=\"elementor-section elementor-top-section elementor-element elementor-element-3790a80c elementor-section-height-min-height elementor-section-boxed elementor-section-height-default elementor-section-items-middle\" data-id=\"3790a80c\" data-element_type=\"section\" data-e-type=\"section\" data-settings=\"{&quot;background_background&quot;:&quot;classic&quot;}\">\n\t\t\t\t\t\t<div class=\"elementor-container elementor-column-gap-no\">\n\t\t\t\t\t<div class=\"elementor-column elementor-col-100 elementor-top-column elementor-element elementor-element-53433789\" data-id=\"53433789\" data-element_type=\"column\" data-e-type=\"column\">\n\t\t\t<div class=\"elementor-widget-wrap elementor-element-populated\">\n\t\t\t\t\t\t<section class=\"elementor-section elementor-inner-section elementor-element elementor-element-9cf3fe9 elementor-section-boxed elementor-section-height-default elementor-section-height-default\" data-id=\"9cf3fe9\" data-element_type=\"section\" data-e-type=\"section\" data-settings=\"{&quot;background_background&quot;:&quot;classic&quot;}\">\n\t\t\t\t\t\t<div class=\"elementor-container elementor-column-gap-no\">\n\t\t\t\t\t<div class=\"elementor-column elementor-col-100 elementor-inner-column elementor-element elementor-element-550bb4a1\" data-id=\"550bb4a1\" data-element_type=\"column\" data-e-type=\"column\">\n\t\t\t<div class=\"elementor-widget-wrap elementor-element-populated\">\n\t\t\t\t\t\t<div class=\"elementor-element elementor-element-3b0ae7b1 elementor-widget elementor-widget-text-editor\" data-id=\"3b0ae7b1\" data-element_type=\"widget\" data-e-type=\"widget\" data-settings=\"{&quot;motion_fx_motion_fx_scrolling&quot;:&quot;yes&quot;,&quot;motion_fx_opacity_effect&quot;:&quot;yes&quot;,&quot;motion_fx_opacity_range&quot;:{&quot;unit&quot;:&quot;%&quot;,&quot;size&quot;:&quot;&quot;,&quot;sizes&quot;:{&quot;start&quot;:20,&quot;end&quot;:62}},&quot;motion_fx_opacity_direction&quot;:&quot;out-in&quot;,&quot;motion_fx_opacity_level&quot;:{&quot;unit&quot;:&quot;px&quot;,&quot;size&quot;:10,&quot;sizes&quot;:[]},&quot;motion_fx_devices&quot;:[&quot;desktop&quot;,&quot;tablet_extra&quot;,&quot;tablet&quot;,&quot;mobile&quot;]}\" data-widget_type=\"text-editor.default\">\n\t\t\t\t<div class=\"elementor-widget-container\">\n\t\t\t\t\t\t\t\t\t<p>Exakt Personal GmbH - Responsabilit\u00e0 e valori combinati<\/p>\t\t\t\t\t\t\t\t<\/div>\n\t\t\t\t<\/div>\n\t\t\t\t\t<\/div>\n\t\t<\/div>\n\t\t\t\t\t<\/div>\n\t\t<\/section>\n\t\t\t\t<section class=\"elementor-section elementor-inner-section elementor-element elementor-element-474373f0 elementor-section-boxed elementor-section-height-default elementor-section-height-default\" data-id=\"474373f0\" data-element_type=\"section\" data-e-type=\"section\" data-settings=\"{&quot;background_background&quot;:&quot;classic&quot;}\">\n\t\t\t\t\t\t<div class=\"elementor-container elementor-column-gap-default\">\n\t\t\t\t\t<div class=\"elementor-column elementor-col-100 elementor-inner-column elementor-element elementor-element-57e034bc\" data-id=\"57e034bc\" data-element_type=\"column\" data-e-type=\"column\">\n\t\t\t<div class=\"elementor-widget-wrap elementor-element-populated\">\n\t\t\t\t\t\t<div class=\"elementor-element elementor-element-64d911b7 elementor-widget elementor-widget-text-editor\" data-id=\"64d911b7\" data-element_type=\"widget\" data-e-type=\"widget\" data-settings=\"{&quot;motion_fx_motion_fx_scrolling&quot;:&quot;yes&quot;,&quot;motion_fx_devices&quot;:[&quot;desktop&quot;,&quot;tablet_extra&quot;,&quot;tablet&quot;,&quot;mobile&quot;]}\" data-widget_type=\"text-editor.default\">\n\t\t\t\t<div class=\"elementor-widget-container\">\n\t\t\t\t\t\t\t\t\t<p>Fin dalla sua fondazione, Exakt Personal GmbH \u00e8 stata un partner affidabile per aziende e dipendenti. In qualit\u00e0 di membro di lunga data dell'Associazione Tedesca delle Agenzie di Lavoro Temporaneo (iGZ) e ora membro dell'Associazione Tedesca dei Fornitori di Servizi al Personale (GVP), siamo costantemente impegnati in un comportamento etico, equo e di qualit\u00e0 nei servizi al personale.<\/p>\t\t\t\t\t\t\t\t<\/div>\n\t\t\t\t<\/div>\n\t\t\t\t\t<\/div>\n\t\t<\/div>\n\t\t\t\t\t<\/div>\n\t\t<\/section>\n\t\t\t\t\t<\/div>\n\t\t<\/div>\n\t\t\t\t\t<\/div>\n\t\t<\/section>\n\t\t\t\t<section class=\"elementor-section elementor-top-section elementor-element elementor-element-2a9b39ec elementor-section-height-min-height elementor-section-boxed elementor-section-height-default elementor-section-items-middle\" data-id=\"2a9b39ec\" data-element_type=\"section\" data-e-type=\"section\" data-settings=\"{&quot;background_background&quot;:&quot;classic&quot;}\">\n\t\t\t\t\t\t<div class=\"elementor-container elementor-column-gap-no\">\n\t\t\t\t\t<div class=\"elementor-column elementor-col-100 elementor-top-column elementor-element elementor-element-3c42843b\" data-id=\"3c42843b\" data-element_type=\"column\" data-e-type=\"column\">\n\t\t\t<div class=\"elementor-widget-wrap elementor-element-populated\">\n\t\t\t\t\t\t<section class=\"elementor-section elementor-inner-section elementor-element elementor-element-3df6722a elementor-section-boxed elementor-section-height-default elementor-section-height-default\" data-id=\"3df6722a\" data-element_type=\"section\" data-e-type=\"section\" data-settings=\"{&quot;background_background&quot;:&quot;classic&quot;}\">\n\t\t\t\t\t\t<div class=\"elementor-container elementor-column-gap-no\">\n\t\t\t\t\t<div class=\"elementor-column elementor-col-100 elementor-inner-column elementor-element elementor-element-31081043\" data-id=\"31081043\" data-element_type=\"column\" data-e-type=\"column\">\n\t\t\t<div class=\"elementor-widget-wrap\">\n\t\t\t\t\t\t\t<\/div>\n\t\t<\/div>\n\t\t\t\t\t<\/div>\n\t\t<\/section>\n\t\t\t\t<section class=\"elementor-section elementor-inner-section elementor-element elementor-element-28b05ef6 elementor-section-boxed elementor-section-height-default elementor-section-height-default\" data-id=\"28b05ef6\" data-element_type=\"section\" data-e-type=\"section\" data-settings=\"{&quot;background_background&quot;:&quot;slideshow&quot;,&quot;background_slideshow_slide_duration&quot;:3000,&quot;background_slideshow_transition_duration&quot;:490,&quot;background_slideshow_ken_burns&quot;:&quot;yes&quot;,&quot;background_slideshow_gallery&quot;:[],&quot;background_slideshow_loop&quot;:&quot;yes&quot;,&quot;background_slideshow_slide_transition&quot;:&quot;fade&quot;,&quot;background_slideshow_ken_burns_zoom_direction&quot;:&quot;in&quot;}\">\n\t\t\t\t\t\t\t<div class=\"elementor-background-overlay\"><\/div>\n\t\t\t\t\t\t\t<div class=\"elementor-container elementor-column-gap-default\">\n\t\t\t\t\t<div class=\"elementor-column elementor-col-100 elementor-inner-column elementor-element elementor-element-2a8da8e7\" data-id=\"2a8da8e7\" data-element_type=\"column\" data-e-type=\"column\">\n\t\t\t<div class=\"elementor-widget-wrap elementor-element-populated\">\n\t\t\t\t\t\t<div class=\"elementor-element elementor-element-676bfe02 elementor-widget elementor-widget-text-editor\" data-id=\"676bfe02\" data-element_type=\"widget\" data-e-type=\"widget\" data-settings=\"{&quot;motion_fx_motion_fx_scrolling&quot;:&quot;yes&quot;,&quot;motion_fx_opacity_effect&quot;:&quot;yes&quot;,&quot;motion_fx_opacity_range&quot;:{&quot;unit&quot;:&quot;%&quot;,&quot;size&quot;:&quot;&quot;,&quot;sizes&quot;:{&quot;start&quot;:20,&quot;end&quot;:62}},&quot;motion_fx_opacity_direction&quot;:&quot;out-in&quot;,&quot;motion_fx_opacity_level&quot;:{&quot;unit&quot;:&quot;px&quot;,&quot;size&quot;:10,&quot;sizes&quot;:[]},&quot;motion_fx_devices&quot;:[&quot;desktop&quot;,&quot;tablet_extra&quot;,&quot;tablet&quot;,&quot;mobile&quot;]}\" data-widget_type=\"text-editor.default\">\n\t\t\t\t<div class=\"elementor-widget-container\">\n\t\t\t\t\t\t\t\t\t<p>Il nostro impegno - Il Codice Etico GVP<\/p>\t\t\t\t\t\t\t\t<\/div>\n\t\t\t\t<\/div>\n\t\t\t\t<div class=\"elementor-element elementor-element-24ef5013 elementor-widget elementor-widget-text-editor\" data-id=\"24ef5013\" data-element_type=\"widget\" data-e-type=\"widget\" data-settings=\"{&quot;motion_fx_motion_fx_scrolling&quot;:&quot;yes&quot;,&quot;motion_fx_devices&quot;:[&quot;desktop&quot;,&quot;tablet_extra&quot;,&quot;tablet&quot;,&quot;mobile&quot;]}\" data-widget_type=\"text-editor.default\">\n\t\t\t\t<div class=\"elementor-widget-container\">\n\t\t\t\t\t\t\t\t\t<p>In qualit\u00e0 di membri del GVP, ci impegniamo ad applicare coerentemente i principi del Codice di Condotta ed Etica nel nostro lavoro. Questo codice definisce standard che vanno ben oltre i requisiti legali e sono sinonimo di qualit\u00e0 e trasparenza sostenibili.\u00a0<\/p>\t\t\t\t\t\t\t\t<\/div>\n\t\t\t\t<\/div>\n\t\t\t\t<div class=\"elementor-element elementor-element-a0676e7 elementor-widget elementor-widget-text-editor\" data-id=\"a0676e7\" data-element_type=\"widget\" data-e-type=\"widget\" data-settings=\"{&quot;motion_fx_motion_fx_scrolling&quot;:&quot;yes&quot;,&quot;motion_fx_opacity_effect&quot;:&quot;yes&quot;,&quot;motion_fx_opacity_range&quot;:{&quot;unit&quot;:&quot;%&quot;,&quot;size&quot;:&quot;&quot;,&quot;sizes&quot;:{&quot;start&quot;:20,&quot;end&quot;:62}},&quot;motion_fx_opacity_direction&quot;:&quot;out-in&quot;,&quot;motion_fx_opacity_level&quot;:{&quot;unit&quot;:&quot;px&quot;,&quot;size&quot;:10,&quot;sizes&quot;:[]},&quot;motion_fx_devices&quot;:[&quot;desktop&quot;,&quot;tablet_extra&quot;,&quot;tablet&quot;,&quot;mobile&quot;]}\" data-widget_type=\"text-editor.default\">\n\t\t\t\t<div class=\"elementor-widget-container\">\n\t\t\t\t\t\t\t\t\t<p>Cosa rappresentiamo<\/p>\t\t\t\t\t\t\t\t<\/div>\n\t\t\t\t<\/div>\n\t\t\t\t<div class=\"elementor-element elementor-element-111bf382 elementor-widget elementor-widget-text-editor\" data-id=\"111bf382\" data-element_type=\"widget\" data-e-type=\"widget\" data-settings=\"{&quot;motion_fx_motion_fx_scrolling&quot;:&quot;yes&quot;,&quot;motion_fx_devices&quot;:[&quot;desktop&quot;,&quot;tablet_extra&quot;,&quot;tablet&quot;,&quot;mobile&quot;]}\" data-widget_type=\"text-editor.default\">\n\t\t\t\t<div class=\"elementor-widget-container\">\n\t\t\t\t\t\t\t\t\t<p><strong>Le persone al centro<\/strong><\/p><p>I nostri dipendenti sono il nostro bene pi\u00f9 prezioso. Offriamo condizioni di lavoro eque, promuoviamo il loro sviluppo professionale e garantiamo la trasparenza in tutti i processi.\u00a0<\/p>\t\t\t\t\t\t\t\t<\/div>\n\t\t\t\t<\/div>\n\t\t\t\t<div class=\"elementor-element elementor-element-556b4fe elementor-widget elementor-widget-text-editor\" data-id=\"556b4fe\" data-element_type=\"widget\" data-e-type=\"widget\" data-settings=\"{&quot;motion_fx_motion_fx_scrolling&quot;:&quot;yes&quot;,&quot;motion_fx_devices&quot;:[&quot;desktop&quot;,&quot;tablet_extra&quot;,&quot;tablet&quot;,&quot;mobile&quot;]}\" data-widget_type=\"text-editor.default\">\n\t\t\t\t<div class=\"elementor-widget-container\">\n\t\t\t\t\t\t\t\t\t<p><strong>Responsabilit\u00e0 per i clienti<\/strong><\/p><p>Siamo un partner affidabile che risponde in modo flessibile e competente alle esigenze dei nostri clienti, rispettando sempre i pi\u00f9 alti standard di qualit\u00e0 e fornendo soluzioni sostenibili.\u00a0<\/p>\t\t\t\t\t\t\t\t<\/div>\n\t\t\t\t<\/div>\n\t\t\t\t<div class=\"elementor-element elementor-element-46ac1c2 elementor-widget elementor-widget-text-editor\" data-id=\"46ac1c2\" data-element_type=\"widget\" data-e-type=\"widget\" data-settings=\"{&quot;motion_fx_motion_fx_scrolling&quot;:&quot;yes&quot;,&quot;motion_fx_devices&quot;:[&quot;desktop&quot;,&quot;tablet_extra&quot;,&quot;tablet&quot;,&quot;mobile&quot;]}\" data-widget_type=\"text-editor.default\">\n\t\t\t\t<div class=\"elementor-widget-container\">\n\t\t\t\t\t\t\t\t\t<p><strong>Responsabilit\u00e0 sociale<\/strong><\/p><p>Svolgiamo un ruolo attivo nel plasmare il mondo del lavoro e promuoviamo una politica di contrattazione collettiva moderna e socialmente responsabile, a sostegno sia dei dipendenti che delle aziende.\u00a0<\/p>\t\t\t\t\t\t\t\t<\/div>\n\t\t\t\t<\/div>\n\t\t\t\t<div class=\"elementor-element elementor-element-d884671 elementor-widget elementor-widget-text-editor\" data-id=\"d884671\" data-element_type=\"widget\" data-e-type=\"widget\" data-settings=\"{&quot;motion_fx_motion_fx_scrolling&quot;:&quot;yes&quot;,&quot;motion_fx_opacity_effect&quot;:&quot;yes&quot;,&quot;motion_fx_opacity_range&quot;:{&quot;unit&quot;:&quot;%&quot;,&quot;size&quot;:&quot;&quot;,&quot;sizes&quot;:{&quot;start&quot;:20,&quot;end&quot;:62}},&quot;motion_fx_opacity_direction&quot;:&quot;out-in&quot;,&quot;motion_fx_opacity_level&quot;:{&quot;unit&quot;:&quot;px&quot;,&quot;size&quot;:10,&quot;sizes&quot;:[]},&quot;motion_fx_devices&quot;:[&quot;desktop&quot;,&quot;tablet_extra&quot;,&quot;tablet&quot;,&quot;mobile&quot;]}\" data-widget_type=\"text-editor.default\">\n\t\t\t\t<div class=\"elementor-widget-container\">\n\t\t\t\t\t\t\t\t\t<p>Il nostro percorso da iGZ a GVP: continuit\u00e0 e ulteriore sviluppo<\/p>\t\t\t\t\t\t\t\t<\/div>\n\t\t\t\t<\/div>\n\t\t\t\t<div class=\"elementor-element elementor-element-df83f79 elementor-widget elementor-widget-text-editor\" data-id=\"df83f79\" data-element_type=\"widget\" data-e-type=\"widget\" data-settings=\"{&quot;motion_fx_motion_fx_scrolling&quot;:&quot;yes&quot;,&quot;motion_fx_devices&quot;:[&quot;desktop&quot;,&quot;tablet_extra&quot;,&quot;tablet&quot;,&quot;mobile&quot;]}\" data-widget_type=\"text-editor.default\">\n\t\t\t\t<div class=\"elementor-widget-container\">\n\t\t\t\t\t\t\t\t\t<p>Fin dall'inizio, il <strong>Exakt Personal GmbH<\/strong> orientati ai valori dell'iGZ. Con il passaggio al GVP, abbiamo aggiunto a questi valori un'attenzione ancora maggiore al comportamento etico e alla responsabilit\u00e0 sociale. Insieme al GVP, continuiamo a impegnarci per l'integrazione dei dipendenti, la creazione di posti di lavoro e la promozione di un mercato del lavoro equo e flessibile.\u00a0<\/p>\t\t\t\t\t\t\t\t<\/div>\n\t\t\t\t<\/div>\n\t\t\t\t<div class=\"elementor-element elementor-element-6a39ccd elementor-widget elementor-widget-text-editor\" data-id=\"6a39ccd\" data-element_type=\"widget\" data-e-type=\"widget\" data-settings=\"{&quot;motion_fx_motion_fx_scrolling&quot;:&quot;yes&quot;,&quot;motion_fx_opacity_effect&quot;:&quot;yes&quot;,&quot;motion_fx_opacity_range&quot;:{&quot;unit&quot;:&quot;%&quot;,&quot;size&quot;:&quot;&quot;,&quot;sizes&quot;:{&quot;start&quot;:20,&quot;end&quot;:62}},&quot;motion_fx_opacity_direction&quot;:&quot;out-in&quot;,&quot;motion_fx_opacity_level&quot;:{&quot;unit&quot;:&quot;px&quot;,&quot;size&quot;:10,&quot;sizes&quot;:[]},&quot;motion_fx_devices&quot;:[&quot;desktop&quot;,&quot;tablet_extra&quot;,&quot;tablet&quot;,&quot;mobile&quot;]}\" data-widget_type=\"text-editor.default\">\n\t\t\t\t<div class=\"elementor-widget-container\">\n\t\t\t\t\t\t\t\t\t<p>Exakt Personal GmbH - Fiducia, qualit\u00e0 e impegno<\/p>\t\t\t\t\t\t\t\t<\/div>\n\t\t\t\t<\/div>\n\t\t\t\t<div class=\"elementor-element elementor-element-6b974c6 elementor-widget elementor-widget-text-editor\" data-id=\"6b974c6\" data-element_type=\"widget\" data-e-type=\"widget\" data-settings=\"{&quot;motion_fx_motion_fx_scrolling&quot;:&quot;yes&quot;,&quot;motion_fx_devices&quot;:[&quot;desktop&quot;,&quot;tablet_extra&quot;,&quot;tablet&quot;,&quot;mobile&quot;]}\" data-widget_type=\"text-editor.default\">\n\t\t\t\t<div class=\"elementor-widget-container\">\n\t\t\t\t\t\t\t\t\t<p>Come vostro partner per i servizi al personale, combiniamo responsabilit\u00e0 e valori con soluzioni innovative. La nostra esperienza pluriennale e la nostra appartenenza al GVP vi garantiscono il massimo livello di professionalit\u00e0 e un rapporto di fiducia.<\/p>\t\t\t\t\t\t\t\t<\/div>\n\t\t\t\t<\/div>\n\t\t\t\t\t<\/div>\n\t\t<\/div>\n\t\t\t\t\t<\/div>\n\t\t<\/section>\n\t\t\t\t\t<\/div>\n\t\t<\/div>\n\t\t\t\t\t<\/div>\n\t\t<\/section>\n\t\t\t\t<\/div>","protected":false},"excerpt":{"rendered":"<p>DU BEFINDEST DICH HIER: GVP Mitgliedschaft DU BEFINDEST DICH HIER: GVP Mitgliedschaft GVP MITGLIEDSCHAFT Exakt Personal GmbH \u2013 Verantwortung und Werte vereint Seit ihrer Gr\u00fcndung ist die Exakt Personal GmbH ein verl\u00e4sslicher Partner f\u00fcr Unternehmen und Mitarbeitende. Als langj\u00e4hriges Mitglied des Interessenverbands Deutscher Zeitarbeitsunternehmen (iGZ) und nun Mitglied im Gesamtverband der Personaldienstleister e.V. (GVP) setzen [&hellip;]<\/p>","protected":false},"author":1,"featured_media":0,"parent":1465,"menu_order":4,"comment_status":"closed","ping_status":"closed","template":"elementor_header_footer","meta":{"site-sidebar-layout":"no-sidebar","site-content-layout":"page-builder","ast-site-content-layout":"full-width-container","site-content-style":"unboxed","site-sidebar-style":"unboxed","ast-global-header-display":"","ast-banner-title-visibility":"","ast-main-header-display":"","ast-hfb-above-header-display":"","ast-hfb-below-header-display":"","ast-hfb-mobile-header-display":"","site-post-title":"","ast-breadcrumbs-content":"","ast-featured-img":"disabled","footer-sml-layout":"","ast-disable-related-posts":"","theme-transparent-header-meta":"","adv-header-id-meta":"","stick-header-meta":"","header-above-stick-meta":"","header-main-stick-meta":"","header-below-stick-meta":"","astra-migrate-meta-layouts":"set","ast-page-background-enabled":"default","ast-page-background-meta":{"desktop":{"background-color":"var(--ast-global-color-4)","background-image":"","background-repeat":"repeat","background-position":"center center","background-size":"auto","background-attachment":"scroll","background-type":"","background-media":"","overlay-type":"","overlay-color":"","overlay-opacity":"","overlay-gradient":""},"tablet":{"background-color":"","background-image":"","background-repeat":"repeat","background-position":"center center","background-size":"auto","background-attachment":"scroll","background-type":"","background-media":"","overlay-type":"","overlay-color":"","overlay-opacity":"","overlay-gradient":""},"mobile":{"background-color":"","background-image":"","background-repeat":"repeat","background-position":"center center","background-size":"auto","background-attachment":"scroll","background-type":"","background-media":"","overlay-type":"","overlay-color":"","overlay-opacity":"","overlay-gradient":""}},"ast-content-background-meta":{"desktop":{"background-color":"var(--ast-global-color-5)","background-image":"","background-repeat":"repeat","background-position":"center center","background-size":"auto","background-attachment":"scroll","background-type":"","background-media":"","overlay-type":"","overlay-color":"","overlay-opacity":"","overlay-gradient":""},"tablet":{"background-color":"var(--ast-global-color-5)","background-image":"","background-repeat":"repeat","background-position":"center center","background-size":"auto","background-attachment":"scroll","background-type":"","background-media":"","overlay-type":"","overlay-color":"","overlay-opacity":"","overlay-gradient":""},"mobile":{"background-color":"var(--ast-global-color-5)","background-image":"","background-repeat":"repeat","background-position":"center center","background-size":"auto","background-attachment":"scroll","background-type":"","background-media":"","overlay-type":"","overlay-color":"","overlay-opacity":"","overlay-gradient":""}},"footnotes":""},"class_list":["post-1487","page","type-page","status-publish","hentry"],"yoast_head":"<!-- This site is optimized with the Yoast SEO plugin v27.5 - https:\/\/yoast.com\/product\/yoast-seo-wordpress\/ -->\n<title>GVP-MITGLIEDSCHAFT - EXAKT PERSONAL<\/title>\n<meta name=\"robots\" content=\"index, follow, max-snippet:-1, max-image-preview:large, max-video-preview:-1\" \/>\n<link rel=\"canonical\" href=\"https:\/\/exakt-personal.de\/it\/unternehmen\/igz-mitgliedschaft\/\" \/>\n<meta property=\"og:locale\" content=\"it_IT\" \/>\n<meta property=\"og:type\" content=\"article\" \/>\n<meta property=\"og:title\" content=\"GVP-MITGLIEDSCHAFT - EXAKT PERSONAL\" \/>\n<meta property=\"og:description\" content=\"DU BEFINDEST DICH HIER: GVP Mitgliedschaft DU BEFINDEST DICH HIER: GVP Mitgliedschaft GVP MITGLIEDSCHAFT Exakt Personal GmbH \u2013 Verantwortung und Werte vereint Seit ihrer Gr\u00fcndung ist die Exakt Personal GmbH ein verl\u00e4sslicher Partner f\u00fcr Unternehmen und Mitarbeitende. Als langj\u00e4hriges Mitglied des Interessenverbands Deutscher Zeitarbeitsunternehmen (iGZ) und nun Mitglied im Gesamtverband der Personaldienstleister e.V. (GVP) setzen [&hellip;]\" \/>\n<meta property=\"og:url\" content=\"https:\/\/exakt-personal.de\/it\/unternehmen\/igz-mitgliedschaft\/\" \/>\n<meta property=\"og:site_name\" content=\"EXAKT PERSONAL\" \/>\n<meta property=\"article:modified_time\" content=\"2025-08-15T08:47:31+00:00\" \/>\n<meta property=\"og:image\" content=\"https:\/\/exakt-personal.de\/wp-content\/uploads\/2024\/12\/gvp-logo-mitglied-quer-weiss-rgb.png\" \/>\n\t<meta property=\"og:image:width\" content=\"519\" \/>\n\t<meta property=\"og:image:height\" content=\"246\" \/>\n\t<meta property=\"og:image:type\" content=\"image\/png\" \/>\n<meta name=\"twitter:card\" content=\"summary_large_image\" \/>\n<meta name=\"twitter:label1\" content=\"Tempo di lettura stimato\" \/>\n\t<meta name=\"twitter:data1\" content=\"2 minuti\" \/>\n<!-- \/ Yoast SEO plugin. -->","yoast_head_json":{"title":"GVP-MITGLIEDSCHAFT - EXAKT PERSONAL","robots":{"index":"index","follow":"follow","max-snippet":"max-snippet:-1","max-image-preview":"max-image-preview:large","max-video-preview":"max-video-preview:-1"},"canonical":"https:\/\/exakt-personal.de\/it\/unternehmen\/igz-mitgliedschaft\/","og_locale":"it_IT","og_type":"article","og_title":"GVP-MITGLIEDSCHAFT - EXAKT PERSONAL","og_description":"DU BEFINDEST DICH HIER: GVP Mitgliedschaft DU BEFINDEST DICH HIER: GVP Mitgliedschaft GVP MITGLIEDSCHAFT Exakt Personal GmbH \u2013 Verantwortung und Werte vereint Seit ihrer Gr\u00fcndung ist die Exakt Personal GmbH ein verl\u00e4sslicher Partner f\u00fcr Unternehmen und Mitarbeitende. Als langj\u00e4hriges Mitglied des Interessenverbands Deutscher Zeitarbeitsunternehmen (iGZ) und nun Mitglied im Gesamtverband der Personaldienstleister e.V. (GVP) setzen [&hellip;]","og_url":"https:\/\/exakt-personal.de\/it\/unternehmen\/igz-mitgliedschaft\/","og_site_name":"EXAKT PERSONAL","article_modified_time":"2025-08-15T08:47:31+00:00","og_image":[{"width":519,"height":246,"url":"https:\/\/exakt-personal.de\/wp-content\/uploads\/2024\/12\/gvp-logo-mitglied-quer-weiss-rgb.png","type":"image\/png"}],"twitter_card":"summary_large_image","twitter_misc":{"Tempo di lettura stimato":"2 minuti"},"schema":{"@context":"https:\/\/schema.org","@graph":[{"@type":"WebPage","@id":"https:\/\/exakt-personal.de\/unternehmen\/igz-mitgliedschaft\/","url":"https:\/\/exakt-personal.de\/unternehmen\/igz-mitgliedschaft\/","name":"GVP-MITGLIEDSCHAFT - EXAKT PERSONAL","isPartOf":{"@id":"https:\/\/exakt-personal.de\/#website"},"primaryImageOfPage":{"@id":"https:\/\/exakt-personal.de\/unternehmen\/igz-mitgliedschaft\/#primaryimage"},"image":{"@id":"https:\/\/exakt-personal.de\/unternehmen\/igz-mitgliedschaft\/#primaryimage"},"thumbnailUrl":"https:\/\/exakt-personal.de\/wp-content\/uploads\/2024\/12\/gvp-logo-mitglied-quer-weiss-rgb.png","datePublished":"2023-05-15T23:47:16+00:00","dateModified":"2025-08-15T08:47:31+00:00","breadcrumb":{"@id":"https:\/\/exakt-personal.de\/unternehmen\/igz-mitgliedschaft\/#breadcrumb"},"inLanguage":"it-IT","potentialAction":[{"@type":"ReadAction","target":["https:\/\/exakt-personal.de\/unternehmen\/igz-mitgliedschaft\/"]}]},{"@type":"ImageObject","inLanguage":"it-IT","@id":"https:\/\/exakt-personal.de\/unternehmen\/igz-mitgliedschaft\/#primaryimage","url":"https:\/\/exakt-personal.de\/wp-content\/uploads\/2024\/12\/gvp-logo-mitglied-quer-weiss-rgb.png","contentUrl":"https:\/\/exakt-personal.de\/wp-content\/uploads\/2024\/12\/gvp-logo-mitglied-quer-weiss-rgb.png"},{"@type":"BreadcrumbList","@id":"https:\/\/exakt-personal.de\/unternehmen\/igz-mitgliedschaft\/#breadcrumb","itemListElement":[{"@type":"ListItem","position":1,"name":"Startseite","item":"https:\/\/exakt-personal.de\/"},{"@type":"ListItem","position":2,"name":"UNTERNEHMEN","item":"https:\/\/exakt-personal.de\/unternehmen\/"},{"@type":"ListItem","position":3,"name":"GVP-MITGLIEDSCHAFT"}]},{"@type":"WebSite","@id":"https:\/\/exakt-personal.de\/#website","url":"https:\/\/exakt-personal.de\/","name":"PERSONALE ESATTO","description":"COMPETENCE IN PEOPLE","publisher":{"@id":"https:\/\/exakt-personal.de\/#organization"},"potentialAction":[{"@type":"SearchAction","target":{"@type":"EntryPoint","urlTemplate":"https:\/\/exakt-personal.de\/?s={search_term_string}"},"query-input":{"@type":"PropertyValueSpecification","valueRequired":true,"valueName":"search_term_string"}}],"inLanguage":"it-IT"},{"@type":"Organization","@id":"https:\/\/exakt-personal.de\/#organization","name":"PERSONALE ESATTO","url":"https:\/\/exakt-personal.de\/","logo":{"@type":"ImageObject","inLanguage":"it-IT","@id":"https:\/\/exakt-personal.de\/#\/schema\/logo\/image\/","url":"https:\/\/exakt-personal.de\/wp-content\/uploads\/2023\/01\/Exakt_Personal_Logo.png","contentUrl":"https:\/\/exakt-personal.de\/wp-content\/uploads\/2023\/01\/Exakt_Personal_Logo.png","width":266,"height":57,"caption":"EXAKT PERSONAL"},"image":{"@id":"https:\/\/exakt-personal.de\/#\/schema\/logo\/image\/"}}]}},"_links":{"self":[{"href":"https:\/\/exakt-personal.de\/it\/wp-json\/wp\/v2\/pages\/1487","targetHints":{"allow":["GET"]}}],"collection":[{"href":"https:\/\/exakt-personal.de\/it\/wp-json\/wp\/v2\/pages"}],"about":[{"href":"https:\/\/exakt-personal.de\/it\/wp-json\/wp\/v2\/types\/page"}],"author":[{"embeddable":true,"href":"https:\/\/exakt-personal.de\/it\/wp-json\/wp\/v2\/users\/1"}],"replies":[{"embeddable":true,"href":"https:\/\/exakt-personal.de\/it\/wp-json\/wp\/v2\/comments?post=1487"}],"version-history":[{"count":0,"href":"https:\/\/exakt-personal.de\/it\/wp-json\/wp\/v2\/pages\/1487\/revisions"}],"up":[{"embeddable":true,"href":"https:\/\/exakt-personal.de\/it\/wp-json\/wp\/v2\/pages\/1465"}],"wp:attachment":[{"href":"https:\/\/exakt-personal.de\/it\/wp-json\/wp\/v2\/media?parent=1487"}],"curies":[{"name":"wp","href":"https:\/\/api.w.org\/{rel}","templated":true}]}}